{"id":1577,"date":"2023-05-09T21:32:17","date_gmt":"2023-05-09T19:32:17","guid":{"rendered":"https:\/\/dev-museeherge.ovh\/de-stichting-herge\/"},"modified":"2024-12-17T12:41:40","modified_gmt":"2024-12-17T11:41:40","slug":"de-stichting-herge","status":"publish","type":"page","link":"https:\/\/museeherge.be\/nl\/presentatie\/de-stichting-herge\/","title":{"rendered":"De Stichting Herg\u00e9"},"content":{"rendered":"<p><div class=\"fusion-fullwidth fullwidth-box fusion-builder-row-1 fusion-flex-container has-pattern-background has-mask-background fusion-parallax-none hundred-percent-fullwidth non-hundred-percent-height-scrolling kv-container fusion-custom-z-index\" style=\"--awb-border-radius-top-left:0px;--awb-border-radius-top-right:0px;--awb-border-radius-bottom-right:0px;--awb-border-radius-bottom-left:0px;--awb-z-index:30;--awb-padding-top:0px;--awb-padding-right:0px;--awb-padding-bottom:0px;--awb-padding-left:0px;--awb-margin-top:0px;--awb-margin-bottom:0px;--awb-min-height:620px;--awb-min-height-medium:500px;--awb-min-height-small:300px;--awb-background-image:url(&quot;https:\/\/museeherge.be\/wp-content\/uploads\/2023\/05\/Carroussel.png&quot;);--awb-background-size:cover;--awb-flex-wrap:wrap;\" data-preload-img=\"https:\/\/museeherge.be\/wp-content\/uploads\/2023\/05\/Carroussel.png\" ><div class=\"fusion-builder-row fusion-row fusion-flex-align-items-center fusion-flex-align-content-flex-end fusion-flex-justify-content-space-around fusion-flex-content-wrap\" style=\"width:calc( 100% + 0px ) !important;max-width:calc( 100% + 0px ) !important;margin-left: calc(-0px \/ 2 );margin-right: calc(-0px \/ 2 );\"><div class=\"fusion-layout-column fusion_builder_column fusion-builder-column-0 fusion_builder_column_1_1 1_1 fusion-flex-column fusion-flex-align-self-stretch kv-col\" style=\"--awb-z-index:2;--awb-bg-size:cover;--awb-width-large:100%;--awb-margin-top-large:0px;--awb-spacing-right-large:0px;--awb-margin-bottom-large:0px;--awb-spacing-left-large:0px;--awb-width-medium:100%;--awb-order-medium:0;--awb-spacing-right-medium:0px;--awb-spacing-left-medium:0px;--awb-width-small:100%;--awb-order-small:0;--awb-spacing-right-small:0px;--awb-margin-bottom-small:50;--awb-spacing-left-small:0px;\"><div class=\"fusion-column-wrapper fusion-column-has-shadow fusion-flex-justify-content-space-around fusion-content-layout-row fusion-flex-align-items-stretch\"><div class=\"fusion-text fusion-text-1 fusion-text-no-margin kv-copyright\" style=\"--awb-content-alignment:center;\"><p>\u00a9 Collection priv\u00e9e Fanny Rodwell 2024<\/p>\n<\/div><\/div><\/div><div class=\"fusion-layout-column fusion_builder_column fusion-builder-column-1 fusion_builder_column_1_1 1_1 fusion-flex-column fusion-flex-align-self-stretch\" style=\"--awb-z-index:2;--awb-bg-size:cover;--awb-width-large:100%;--awb-margin-top-large:0px;--awb-spacing-right-large:0px;--awb-margin-bottom-large:0px;--awb-spacing-left-large:0px;--awb-width-medium:100%;--awb-order-medium:0;--awb-spacing-right-medium:0px;--awb-spacing-left-medium:0px;--awb-width-small:100%;--awb-order-small:0;--awb-spacing-right-small:0px;--awb-margin-bottom-small:50;--awb-spacing-left-small:0px;\"><div class=\"fusion-column-wrapper fusion-column-has-shadow fusion-flex-justify-content-center fusion-content-layout-row fusion-flex-align-items-stretch\"><div class=\"fusion-image-element fusion-no-small-visibility\" style=\"text-align:center;--awb-margin-bottom:20px;--awb-max-width:60px;--awb-caption-title-font-family:var(--h2_typography-font-family);--awb-caption-title-font-weight:var(--h2_typography-font-weight);--awb-caption-title-font-style:var(--h2_typography-font-style);--awb-caption-title-size:var(--h2_typography-font-size);--awb-caption-title-transform:var(--h2_typography-text-transform);--awb-caption-title-line-height:var(--h2_typography-line-height);--awb-caption-title-letter-spacing:var(--h2_typography-letter-spacing);\"><span class=\" fusion-imageframe imageframe-none imageframe-1 hover-type-none scroll-img\" style=\"z-index:99;\"><a class=\"fusion-no-lightbox\" href=\"#scroll\" target=\"_self\" aria-label=\"Fl\u00e8che carroussel fond transparent 50%\"><img decoding=\"async\" width=\"204\" height=\"204\" src=\"https:\/\/museeherge.be\/wp-content\/uploads\/2023\/09\/Fleche-carroussel-fond-transparent-50.png\" data-orig-src=\"http:\/\/museeherge.be\/wp-content\/uploads\/2023\/09\/Fleche-carroussel-fond-transparent-50.png\" alt class=\"lazyload img-responsive wp-image-1189\" srcset=\"data:image\/svg+xml,%3Csvg%20xmlns%3D%27http%3A%2F%2Fwww.w3.org%2F2000%2Fsvg%27%20width%3D%27204%27%20height%3D%27204%27%20viewBox%3D%270%200%20204%20204%27%3E%3Crect%20width%3D%27204%27%20height%3D%27204%27%20fill-opacity%3D%220%22%2F%3E%3C%2Fsvg%3E\" data-srcset=\"https:\/\/museeherge.be\/wp-content\/uploads\/2023\/09\/Fleche-carroussel-fond-transparent-50-200x200.png 200w, https:\/\/museeherge.be\/wp-content\/uploads\/2023\/09\/Fleche-carroussel-fond-transparent-50.png 204w\" data-sizes=\"auto\" data-orig-sizes=\"(max-width: 640px) 100vw, 204px\" \/><\/a><\/span><\/div><\/div><\/div><\/div><\/div><div class=\"fusion-fullwidth fullwidth-box fusion-builder-row-2 fusion-flex-container has-pattern-background has-mask-background nonhundred-percent-fullwidth non-hundred-percent-height-scrolling\" style=\"--awb-border-radius-top-left:0px;--awb-border-radius-top-right:0px;--awb-border-radius-bottom-right:0px;--awb-border-radius-bottom-left:0px;--awb-padding-bottom:30px;--awb-padding-bottom-small:0px;--awb-margin-top-medium:0px;--awb-flex-wrap:wrap;\" ><div class=\"fusion-builder-row fusion-row fusion-flex-align-items-flex-start fusion-flex-content-wrap\" style=\"max-width:1341.6px;margin-left: calc(-4% \/ 2 );margin-right: calc(-4% \/ 2 );\"><div class=\"fusion-layout-column fusion_builder_column fusion-builder-column-2 fusion_builder_column_1_1 1_1 fusion-flex-column fusion-flex-align-self-flex-start\" style=\"--awb-padding-top:20px;--awb-padding-bottom:20px;--awb-padding-left:50px;--awb-padding-left-medium:00px;--awb-padding-top-small:0px;--awb-padding-right-small:0px;--awb-padding-bottom-small:0px;--awb-padding-left-small:0px;--awb-bg-size:cover;--awb-width-large:100%;--awb-margin-top-large:30px;--awb-spacing-right-large:1.92%;--awb-margin-bottom-large:20px;--awb-spacing-left-large:1.92%;--awb-width-medium:100%;--awb-order-medium:0;--awb-spacing-right-medium:1.92%;--awb-spacing-left-medium:1.92%;--awb-width-small:100%;--awb-order-small:0;--awb-margin-top-small:10px;--awb-spacing-right-small:1.92%;--awb-margin-bottom-small:50px;--awb-spacing-left-small:1.92%;\" data-scroll-devices=\"small-visibility,medium-visibility,large-visibility\"><div class=\"fusion-column-wrapper fusion-column-has-shadow fusion-flex-justify-content-flex-start fusion-content-layout-column\"><nav class=\"fusion-breadcrumbs awb-yoast-breadcrumbs fusion-breadcrumbs-1\" style=\"--awb-breadcrumb-sep:&#039;\/&#039;;\" aria-label=\"Breadcrumb\"><span><span><a href=\"https:\/\/museeherge.be\/nl\/\">Onthaal<\/a><\/span><\/span><\/nav><\/div><\/div><\/div><\/div><div id=\"scroll\" class=\"fusion-container-anchor\"><div class=\"fusion-fullwidth fullwidth-box fusion-builder-row-3 fusion-flex-container has-pattern-background has-mask-background nonhundred-percent-fullwidth non-hundred-percent-height-scrolling\" style=\"--awb-border-radius-top-left:0px;--awb-border-radius-top-right:0px;--awb-border-radius-bottom-right:0px;--awb-border-radius-bottom-left:0px;--awb-flex-wrap:wrap;\" ><div class=\"fusion-builder-row fusion-row fusion-flex-align-items-flex-start fusion-flex-content-wrap\" style=\"max-width:1341.6px;margin-left: calc(-4% \/ 2 );margin-right: calc(-4% \/ 2 );\"><div class=\"fusion-layout-column fusion_builder_column fusion-builder-column-3 fusion_builder_column_1_1 1_1 fusion-flex-column\" style=\"--awb-padding-right:15%;--awb-padding-left:15%;--awb-padding-top-small:0px;--awb-padding-right-small:0px;--awb-padding-bottom-small:0px;--awb-padding-left-small:0px;--awb-bg-size:cover;--awb-width-large:100%;--awb-margin-top-large:0px;--awb-spacing-right-large:1.92%;--awb-margin-bottom-large:20px;--awb-spacing-left-large:1.92%;--awb-width-medium:100%;--awb-order-medium:0;--awb-spacing-right-medium:1.92%;--awb-spacing-left-medium:1.92%;--awb-width-small:100%;--awb-order-small:0;--awb-spacing-right-small:1.92%;--awb-spacing-left-small:1.92%;\"><div class=\"fusion-column-wrapper fusion-column-has-shadow fusion-flex-justify-content-flex-start fusion-content-layout-column\"><div class=\"fusion-title title fusion-title-1 fusion-sep-none fusion-title-center fusion-title-text fusion-title-size-one main-title\" style=\"--awb-text-color:var(--awb-color4);--awb-font-size:55px;\"><h1 class=\"fusion-title-heading title-heading-center\" style=\"margin:0;font-size:1em;\">De Stichting Herg\u00e9<\/h1><\/div><div class=\"fusion-title title fusion-title-2 fusion-sep-none fusion-title-center fusion-title-text fusion-title-size-five\" style=\"--awb-text-color:var(--awb-color4);--awb-margin-bottom:60px;--awb-margin-bottom-small:20px;\"><h5 class=\"fusion-title-heading title-heading-center\" style=\"font-family:&quot;myriad-pro&quot;;font-style:normal;font-weight:400;margin:0;\">De Stichting Openbaar Nut<\/h5><\/div><div class=\"fusion-text fusion-text-2\" style=\"--awb-content-alignment:left;\"><p>Op 31 maart 2022 werd de Herg\u00e9 Foundation opgericht.<\/p>\n<p>Het belangrijkste doel is om de duurzaamheid en bescherming van het werk van Herg\u00e9 te waarborgen en te waarborgen\u00a0zowel bekendheid als nationale en internationale invloed.<\/p>\n<p>In dit verband zal de Stichting bijzondere aandacht besteden aan het respecteren van de door de auteur geuite wensen\u00a0door zijn begunstigden.<\/p>\n<p>Zorg in het bijzonder voor de monitoring en financiering van alle activiteiten die verband houden met het werk van Herg\u00e9 door te vertrouwen op bestaande bedrijven met ervaring op dit gebied.<\/p>\n<p>In dit perspectief zal de Stichting de financiering van de opgezette structuren ondersteunen en bijdragen, met als doel de materi\u00eble bescherming van het werk en de promotie ervan via nationale en internationale tentoonstellingen, en zal zij haar steun verlenen aan het Herg\u00e9 Museum gevestigd in\u00a0Louvain-la-Neuve, sinds 22 mei 2009.<\/p>\n<\/div><\/div><\/div><\/div><\/div><\/div><\/p>\n","protected":false},"excerpt":{"rendered":"","protected":false},"author":2,"featured_media":0,"parent":1590,"menu_order":4,"comment_status":"closed","ping_status":"closed","template":"100-width.php","meta":{"footnotes":""},"class_list":["post-1577","page","type-page","status-publish","hentry"],"yoast_head":"<!-- This site is optimized with the Yoast SEO plugin v27.3 - https:\/\/yoast.com\/product\/yoast-seo-wordpress\/ -->\n<title>De Stichting Herg\u00e9 - Mus\u00e9e Herg\u00e9<\/title>\n<meta name=\"robots\" content=\"index, follow, max-snippet:-1, max-image-preview:large, max-video-preview:-1\" \/>\n<link rel=\"canonical\" href=\"https:\/\/museeherge.be\/nl\/presentatie\/de-stichting-herge\/\" \/>\n<meta property=\"og:locale\" content=\"nl_NL\" \/>\n<meta property=\"og:type\" content=\"article\" \/>\n<meta property=\"og:title\" content=\"De Stichting Herg\u00e9 - Mus\u00e9e Herg\u00e9\" \/>\n<meta property=\"og:url\" content=\"https:\/\/museeherge.be\/nl\/presentatie\/de-stichting-herge\/\" \/>\n<meta property=\"og:site_name\" content=\"Mus\u00e9e Herg\u00e9\" \/>\n<meta property=\"article:modified_time\" content=\"2024-12-17T11:41:40+00:00\" \/>\n<meta name=\"twitter:card\" content=\"summary_large_image\" \/>\n<meta name=\"twitter:label1\" content=\"Geschatte leestijd\" \/>\n\t<meta name=\"twitter:data1\" content=\"2 minuten\" \/>\n<script type=\"application\/ld+json\" class=\"yoast-schema-graph\">{\"@context\":\"https:\\\/\\\/schema.org\",\"@graph\":[{\"@type\":\"WebPage\",\"@id\":\"https:\\\/\\\/museeherge.be\\\/nl\\\/presentatie\\\/de-stichting-herge\\\/\",\"url\":\"https:\\\/\\\/museeherge.be\\\/nl\\\/presentatie\\\/de-stichting-herge\\\/\",\"name\":\"De Stichting Herg\u00e9 - Mus\u00e9e Herg\u00e9\",\"isPartOf\":{\"@id\":\"https:\\\/\\\/museeherge.be\\\/nl\\\/#website\"},\"datePublished\":\"2023-05-09T19:32:17+00:00\",\"dateModified\":\"2024-12-17T11:41:40+00:00\",\"breadcrumb\":{\"@id\":\"https:\\\/\\\/museeherge.be\\\/nl\\\/presentatie\\\/de-stichting-herge\\\/#breadcrumb\"},\"inLanguage\":\"nl-NL\",\"potentialAction\":[{\"@type\":\"ReadAction\",\"target\":[\"https:\\\/\\\/museeherge.be\\\/nl\\\/presentatie\\\/de-stichting-herge\\\/\"]}]},{\"@type\":\"BreadcrumbList\",\"@id\":\"https:\\\/\\\/museeherge.be\\\/nl\\\/presentatie\\\/de-stichting-herge\\\/#breadcrumb\",\"itemListElement\":[{\"@type\":\"ListItem\",\"position\":1,\"name\":\"Onthaal\",\"item\":\"https:\\\/\\\/museeherge.be\\\/nl\\\/\"},{\"@type\":\"ListItem\",\"position\":2,\"name\":\"Presentatie\",\"item\":\"https:\\\/\\\/museeherge.be\\\/nl\\\/presentatie\\\/\"},{\"@type\":\"ListItem\",\"position\":3,\"name\":\"De Stichting Herg\u00e9\"}]},{\"@type\":\"WebSite\",\"@id\":\"https:\\\/\\\/museeherge.be\\\/nl\\\/#website\",\"url\":\"https:\\\/\\\/museeherge.be\\\/nl\\\/\",\"name\":\"Mus\u00e9e Herg\u00e9\",\"description\":\"Le Mus\u00e9e Herg\u00e9, pr\u00e8s de Bruxelles, pr\u00e9sente le fabuleux parcours du cr\u00e9ateur des Aventures de Tintin.\",\"publisher\":{\"@id\":\"https:\\\/\\\/museeherge.be\\\/nl\\\/#organization\"},\"potentialAction\":[{\"@type\":\"SearchAction\",\"target\":{\"@type\":\"EntryPoint\",\"urlTemplate\":\"https:\\\/\\\/museeherge.be\\\/nl\\\/?s={search_term_string}\"},\"query-input\":{\"@type\":\"PropertyValueSpecification\",\"valueRequired\":true,\"valueName\":\"search_term_string\"}}],\"inLanguage\":\"nl-NL\"},{\"@type\":\"Organization\",\"@id\":\"https:\\\/\\\/museeherge.be\\\/nl\\\/#organization\",\"name\":\"La Croix de l'Aigle SA\",\"alternateName\":\"La Croix de l'Aigle\",\"url\":\"https:\\\/\\\/museeherge.be\\\/nl\\\/\",\"logo\":{\"@type\":\"ImageObject\",\"inLanguage\":\"nl-NL\",\"@id\":\"https:\\\/\\\/museeherge.be\\\/nl\\\/#\\\/schema\\\/logo\\\/image\\\/\",\"url\":\"https:\\\/\\\/museeherge.be\\\/wp-content\\\/uploads\\\/2026\\\/04\\\/logoo.jpg\",\"contentUrl\":\"https:\\\/\\\/museeherge.be\\\/wp-content\\\/uploads\\\/2026\\\/04\\\/logoo.jpg\",\"width\":696,\"height\":696,\"caption\":\"La Croix de l'Aigle SA\"},\"image\":{\"@id\":\"https:\\\/\\\/museeherge.be\\\/nl\\\/#\\\/schema\\\/logo\\\/image\\\/\"}}]}<\/script>\n<!-- \/ Yoast SEO plugin. -->","yoast_head_json":{"title":"De Stichting Herg\u00e9 - Mus\u00e9e Herg\u00e9","robots":{"index":"index","follow":"follow","max-snippet":"max-snippet:-1","max-image-preview":"max-image-preview:large","max-video-preview":"max-video-preview:-1"},"canonical":"https:\/\/museeherge.be\/nl\/presentatie\/de-stichting-herge\/","og_locale":"nl_NL","og_type":"article","og_title":"De Stichting Herg\u00e9 - Mus\u00e9e Herg\u00e9","og_url":"https:\/\/museeherge.be\/nl\/presentatie\/de-stichting-herge\/","og_site_name":"Mus\u00e9e Herg\u00e9","article_modified_time":"2024-12-17T11:41:40+00:00","twitter_card":"summary_large_image","twitter_misc":{"Geschatte leestijd":"2 minuten"},"schema":{"@context":"https:\/\/schema.org","@graph":[{"@type":"WebPage","@id":"https:\/\/museeherge.be\/nl\/presentatie\/de-stichting-herge\/","url":"https:\/\/museeherge.be\/nl\/presentatie\/de-stichting-herge\/","name":"De Stichting Herg\u00e9 - Mus\u00e9e Herg\u00e9","isPartOf":{"@id":"https:\/\/museeherge.be\/nl\/#website"},"datePublished":"2023-05-09T19:32:17+00:00","dateModified":"2024-12-17T11:41:40+00:00","breadcrumb":{"@id":"https:\/\/museeherge.be\/nl\/presentatie\/de-stichting-herge\/#breadcrumb"},"inLanguage":"nl-NL","potentialAction":[{"@type":"ReadAction","target":["https:\/\/museeherge.be\/nl\/presentatie\/de-stichting-herge\/"]}]},{"@type":"BreadcrumbList","@id":"https:\/\/museeherge.be\/nl\/presentatie\/de-stichting-herge\/#breadcrumb","itemListElement":[{"@type":"ListItem","position":1,"name":"Onthaal","item":"https:\/\/museeherge.be\/nl\/"},{"@type":"ListItem","position":2,"name":"Presentatie","item":"https:\/\/museeherge.be\/nl\/presentatie\/"},{"@type":"ListItem","position":3,"name":"De Stichting Herg\u00e9"}]},{"@type":"WebSite","@id":"https:\/\/museeherge.be\/nl\/#website","url":"https:\/\/museeherge.be\/nl\/","name":"Mus\u00e9e Herg\u00e9","description":"Le Mus\u00e9e Herg\u00e9, pr\u00e8s de Bruxelles, pr\u00e9sente le fabuleux parcours du cr\u00e9ateur des Aventures de Tintin.","publisher":{"@id":"https:\/\/museeherge.be\/nl\/#organization"},"potentialAction":[{"@type":"SearchAction","target":{"@type":"EntryPoint","urlTemplate":"https:\/\/museeherge.be\/nl\/?s={search_term_string}"},"query-input":{"@type":"PropertyValueSpecification","valueRequired":true,"valueName":"search_term_string"}}],"inLanguage":"nl-NL"},{"@type":"Organization","@id":"https:\/\/museeherge.be\/nl\/#organization","name":"La Croix de l'Aigle SA","alternateName":"La Croix de l'Aigle","url":"https:\/\/museeherge.be\/nl\/","logo":{"@type":"ImageObject","inLanguage":"nl-NL","@id":"https:\/\/museeherge.be\/nl\/#\/schema\/logo\/image\/","url":"https:\/\/museeherge.be\/wp-content\/uploads\/2026\/04\/logoo.jpg","contentUrl":"https:\/\/museeherge.be\/wp-content\/uploads\/2026\/04\/logoo.jpg","width":696,"height":696,"caption":"La Croix de l'Aigle SA"},"image":{"@id":"https:\/\/museeherge.be\/nl\/#\/schema\/logo\/image\/"}}]}},"_links":{"self":[{"href":"https:\/\/museeherge.be\/nl\/wp-json\/wp\/v2\/pages\/1577","targetHints":{"allow":["GET"]}}],"collection":[{"href":"https:\/\/museeherge.be\/nl\/wp-json\/wp\/v2\/pages"}],"about":[{"href":"https:\/\/museeherge.be\/nl\/wp-json\/wp\/v2\/types\/page"}],"author":[{"embeddable":true,"href":"https:\/\/museeherge.be\/nl\/wp-json\/wp\/v2\/users\/2"}],"replies":[{"embeddable":true,"href":"https:\/\/museeherge.be\/nl\/wp-json\/wp\/v2\/comments?post=1577"}],"version-history":[{"count":0,"href":"https:\/\/museeherge.be\/nl\/wp-json\/wp\/v2\/pages\/1577\/revisions"}],"up":[{"embeddable":true,"href":"https:\/\/museeherge.be\/nl\/wp-json\/wp\/v2\/pages\/1590"}],"wp:attachment":[{"href":"https:\/\/museeherge.be\/nl\/wp-json\/wp\/v2\/media?parent=1577"}],"curies":[{"name":"wp","href":"https:\/\/api.w.org\/{rel}","templated":true}]}}